{"id":6708,"date":"2021-03-01T00:00:00","date_gmt":"2021-02-28T23:00:00","guid":{"rendered":"https:\/\/mobycon-en.local\/personeel\/moniek-jansen\/"},"modified":"2025-12-03T08:10:59","modified_gmt":"2025-12-03T07:10:59","slug":"moniek-jansen","status":"publish","type":"personeel","link":"https:\/\/mobycon.com\/de\/personeel\/moniek-jansen\/","title":{"rendered":"Moniek Jansen"},"content":{"rendered":"\n<p>\u201cDie private Nutzung von Autos dominiert nach wie vor das Stra\u00dfenbild. Diese individualistische und umweltfeindliche Form der Mobilit\u00e4t steht zunehmend im Widerspruch zu unseren Zielen f\u00fcr Nachhaltigkeit, soziale Vertr\u00e4glichkeit und Zug\u00e4nglichkeit. Bei Mobycon arbeite ich an der F\u00f6rderung des Radverkehrs und anderer intelligenter, innovativer Mobilit\u00e4tsl\u00f6sungen, die die Lebensqualit\u00e4t in einem Gebiet erh\u00f6hen.\u201d  <\/p>\n","protected":false},"featured_media":6479,"menu_order":0,"template":"","class_list":["post-6708","personeel","type-personeel","status-publish","has-post-thumbnail","hentry"],"acf":[],"yoast_head":"<!-- This site is optimized with the Yoast SEO plugin v27.1.1 - https:\/\/yoast.com\/product\/yoast-seo-wordpress\/ -->\n<title>Moniek Jansen - Mobycon<\/title>\n<meta name=\"robots\" content=\"noindex, follow\" \/>\n<meta property=\"og:locale\" content=\"de_DE\" \/>\n<meta property=\"og:type\" content=\"article\" \/>\n<meta property=\"og:title\" content=\"Moniek Jansen - Mobycon\" \/>\n<meta property=\"og:description\" content=\"\u201cDie private Nutzung von Autos dominiert nach wie vor das Stra\u00dfenbild. Diese individualistische und umweltfeindliche Form der Mobilit\u00e4t steht zunehmend im Widerspruch zu unseren Zielen f\u00fcr Nachhaltigkeit, soziale Vertr\u00e4glichkeit und Zug\u00e4nglichkeit. Bei Mobycon arbeite ich an der F\u00f6rderung des Radverkehrs und anderer intelligenter, innovativer Mobilit\u00e4tsl\u00f6sungen, die die Lebensqualit\u00e4t in einem Gebiet erh\u00f6hen.\u201d\" \/>\n<meta property=\"og:url\" content=\"https:\/\/mobycon.com\/de\/personeel\/moniek-jansen\/\" \/>\n<meta property=\"og:site_name\" content=\"Mobycon\" \/>\n<meta property=\"article:modified_time\" content=\"2025-12-03T07:10:59+00:00\" \/>\n<meta property=\"og:image\" content=\"https:\/\/mobycon.com\/wp-content\/uploads\/2023\/12\/Moniek-Jansen.png\" \/>\n\t<meta property=\"og:image:width\" content=\"1900\" \/>\n\t<meta property=\"og:image:height\" content=\"1900\" \/>\n\t<meta property=\"og:image:type\" content=\"image\/png\" \/>\n<meta name=\"twitter:card\" content=\"summary_large_image\" \/>\n<meta name=\"twitter:label1\" content=\"Gesch\u00e4tzte Lesezeit\" \/>\n\t<meta name=\"twitter:data1\" content=\"1\u00a0Minute\" \/>\n<script type=\"application\/ld+json\" class=\"yoast-schema-graph\">{\"@context\":\"https:\/\/schema.org\",\"@graph\":[{\"@type\":\"WebPage\",\"@id\":\"https:\/\/mobycon.com\/de\/personeel\/moniek-jansen\/\",\"url\":\"https:\/\/mobycon.com\/de\/personeel\/moniek-jansen\/\",\"name\":\"Moniek Jansen - Mobycon\",\"isPartOf\":{\"@id\":\"https:\/\/mobycon.com\/de\/#website\"},\"primaryImageOfPage\":{\"@id\":\"https:\/\/mobycon.com\/de\/personeel\/moniek-jansen\/#primaryimage\"},\"image\":{\"@id\":\"https:\/\/mobycon.com\/de\/personeel\/moniek-jansen\/#primaryimage\"},\"thumbnailUrl\":\"https:\/\/mobycon.com\/wp-content\/uploads\/2023\/12\/Moniek-Jansen.png\",\"datePublished\":\"2021-02-28T23:00:00+00:00\",\"dateModified\":\"2025-12-03T07:10:59+00:00\",\"breadcrumb\":{\"@id\":\"https:\/\/mobycon.com\/de\/personeel\/moniek-jansen\/#breadcrumb\"},\"inLanguage\":\"de\",\"potentialAction\":[{\"@type\":\"ReadAction\",\"target\":[\"https:\/\/mobycon.com\/de\/personeel\/moniek-jansen\/\"]}]},{\"@type\":\"ImageObject\",\"inLanguage\":\"de\",\"@id\":\"https:\/\/mobycon.com\/de\/personeel\/moniek-jansen\/#primaryimage\",\"url\":\"https:\/\/mobycon.com\/wp-content\/uploads\/2023\/12\/Moniek-Jansen.png\",\"contentUrl\":\"https:\/\/mobycon.com\/wp-content\/uploads\/2023\/12\/Moniek-Jansen.png\",\"width\":1900,\"height\":1900},{\"@type\":\"BreadcrumbList\",\"@id\":\"https:\/\/mobycon.com\/de\/personeel\/moniek-jansen\/#breadcrumb\",\"itemListElement\":[{\"@type\":\"ListItem\",\"position\":1,\"name\":\"Home\",\"item\":\"https:\/\/mobycon.com\/de\/\"},{\"@type\":\"ListItem\",\"position\":2,\"name\":\"Moniek Jansen\"}]},{\"@type\":\"WebSite\",\"@id\":\"https:\/\/mobycon.com\/de\/#website\",\"url\":\"https:\/\/mobycon.com\/de\/\",\"name\":\"Mobycon\",\"description\":\"Mobility Happiness\",\"potentialAction\":[{\"@type\":\"SearchAction\",\"target\":{\"@type\":\"EntryPoint\",\"urlTemplate\":\"https:\/\/mobycon.com\/de\/?s={search_term_string}\"},\"query-input\":{\"@type\":\"PropertyValueSpecification\",\"valueRequired\":true,\"valueName\":\"search_term_string\"}}],\"inLanguage\":\"de\"}]}<\/script>\n<!-- \/ Yoast SEO plugin. -->","yoast_head_json":{"title":"Moniek Jansen - Mobycon","robots":{"index":"noindex","follow":"follow"},"og_locale":"de_DE","og_type":"article","og_title":"Moniek Jansen - Mobycon","og_description":"\u201cDie private Nutzung von Autos dominiert nach wie vor das Stra\u00dfenbild. Diese individualistische und umweltfeindliche Form der Mobilit\u00e4t steht zunehmend im Widerspruch zu unseren Zielen f\u00fcr Nachhaltigkeit, soziale Vertr\u00e4glichkeit und Zug\u00e4nglichkeit. Bei Mobycon arbeite ich an der F\u00f6rderung des Radverkehrs und anderer intelligenter, innovativer Mobilit\u00e4tsl\u00f6sungen, die die Lebensqualit\u00e4t in einem Gebiet erh\u00f6hen.\u201d","og_url":"https:\/\/mobycon.com\/de\/personeel\/moniek-jansen\/","og_site_name":"Mobycon","article_modified_time":"2025-12-03T07:10:59+00:00","og_image":[{"width":1900,"height":1900,"url":"https:\/\/mobycon.com\/wp-content\/uploads\/2023\/12\/Moniek-Jansen.png","type":"image\/png"}],"twitter_card":"summary_large_image","twitter_misc":{"Gesch\u00e4tzte Lesezeit":"1\u00a0Minute"},"schema":{"@context":"https:\/\/schema.org","@graph":[{"@type":"WebPage","@id":"https:\/\/mobycon.com\/de\/personeel\/moniek-jansen\/","url":"https:\/\/mobycon.com\/de\/personeel\/moniek-jansen\/","name":"Moniek Jansen - Mobycon","isPartOf":{"@id":"https:\/\/mobycon.com\/de\/#website"},"primaryImageOfPage":{"@id":"https:\/\/mobycon.com\/de\/personeel\/moniek-jansen\/#primaryimage"},"image":{"@id":"https:\/\/mobycon.com\/de\/personeel\/moniek-jansen\/#primaryimage"},"thumbnailUrl":"https:\/\/mobycon.com\/wp-content\/uploads\/2023\/12\/Moniek-Jansen.png","datePublished":"2021-02-28T23:00:00+00:00","dateModified":"2025-12-03T07:10:59+00:00","breadcrumb":{"@id":"https:\/\/mobycon.com\/de\/personeel\/moniek-jansen\/#breadcrumb"},"inLanguage":"de","potentialAction":[{"@type":"ReadAction","target":["https:\/\/mobycon.com\/de\/personeel\/moniek-jansen\/"]}]},{"@type":"ImageObject","inLanguage":"de","@id":"https:\/\/mobycon.com\/de\/personeel\/moniek-jansen\/#primaryimage","url":"https:\/\/mobycon.com\/wp-content\/uploads\/2023\/12\/Moniek-Jansen.png","contentUrl":"https:\/\/mobycon.com\/wp-content\/uploads\/2023\/12\/Moniek-Jansen.png","width":1900,"height":1900},{"@type":"BreadcrumbList","@id":"https:\/\/mobycon.com\/de\/personeel\/moniek-jansen\/#breadcrumb","itemListElement":[{"@type":"ListItem","position":1,"name":"Home","item":"https:\/\/mobycon.com\/de\/"},{"@type":"ListItem","position":2,"name":"Moniek Jansen"}]},{"@type":"WebSite","@id":"https:\/\/mobycon.com\/de\/#website","url":"https:\/\/mobycon.com\/de\/","name":"Mobycon","description":"Mobility Happiness","potentialAction":[{"@type":"SearchAction","target":{"@type":"EntryPoint","urlTemplate":"https:\/\/mobycon.com\/de\/?s={search_term_string}"},"query-input":{"@type":"PropertyValueSpecification","valueRequired":true,"valueName":"search_term_string"}}],"inLanguage":"de"}]}},"_links":{"self":[{"href":"https:\/\/mobycon.com\/de\/wp-json\/wp\/v2\/personeel\/6708","targetHints":{"allow":["GET"]}}],"collection":[{"href":"https:\/\/mobycon.com\/de\/wp-json\/wp\/v2\/personeel"}],"about":[{"href":"https:\/\/mobycon.com\/de\/wp-json\/wp\/v2\/types\/personeel"}],"wp:featuredmedia":[{"embeddable":true,"href":"https:\/\/mobycon.com\/de\/wp-json\/wp\/v2\/media\/6479"}],"wp:attachment":[{"href":"https:\/\/mobycon.com\/de\/wp-json\/wp\/v2\/media?parent=6708"}],"curies":[{"name":"wp","href":"https:\/\/api.w.org\/{rel}","templated":true}]}}