{"id":7211,"date":"2024-03-29T16:12:44","date_gmt":"2024-03-29T15:12:44","guid":{"rendered":"https:\/\/mobycon.com\/updates\/staerkung-der-frauen-im-fahrradsektor\/"},"modified":"2025-09-12T18:52:42","modified_gmt":"2025-09-12T16:52:42","slug":"staerkung-der-frauen-im-fahrradsektor","status":"publish","type":"updates","link":"https:\/\/mobycon.com\/de\/updates\/staerkung-der-frauen-im-fahrradsektor\/","title":{"rendered":"St\u00e4rkung der Frauen im Fahrradsektor"},"content":{"rendered":"\n<p>Falls Sie eines der beiden Szenarien erlebt haben, haben Sie wahrscheinlich am j\u00fcngsten Webinar &#8222;Frauen im Fahrradsektor&#8220; teilgenommen, das gemeinsam von den Gr\u00fcndungsmitgliedern Cycling Industries Europe (CIE), der European Cyclists&#8216; Association (ECF), Velokonzept und Mobycon organisiert wurde. Das Webinar fand am 13. M\u00e4rz 2024 statt und brachte Radfahrbegeisterte und Expert*innen aus der ganzen Welt zusammen. <\/p>\n\n<p>Ziel des Treffens war es, sich mit der Vielfalt im Fahrradsektor zu befassen &#8211; wo stehen wir, was sollten wir tun, und warum ist das wichtig? <\/p>\n\n<figure class=\"wp-block-image\"><img loading=\"lazy\" decoding=\"async\" width=\"816\" height=\"462\" src=\"https:\/\/mobycon.com\/wp-content\/uploads\/2024\/03\/Picture-1-4.jpg\" alt=\"Online-Treffen mit den neun Speakerinnen\" class=\"wp-image-7144\" srcset=\"https:\/\/mobycon.com\/wp-content\/uploads\/2024\/03\/Picture-1-4.jpg 816w, https:\/\/mobycon.com\/wp-content\/uploads\/2024\/03\/Picture-1-4-300x170.jpg 300w, https:\/\/mobycon.com\/wp-content\/uploads\/2024\/03\/Picture-1-4-768x435.jpg 768w\" sizes=\"auto, (max-width: 816px) 100vw, 816px\" \/><\/figure>\n\n<p>W\u00e4hrend der Veranstaltung hatten wir das Privileg, die Podiumsdiskussion mit dem Titel &#8222;F\u00fcr mehr Vielfalt im Fahrradsektor&#8220; zu moderieren. Die Diskussion mit starken, inspirierenden Frauen wie Roberta Frisoni, Caroline Cerfontaine, Caroline van Renterghem und Keisha Alena Mayuga gab Anlass zu tiefgreifenden Einsichten und \u00dcberlegungen. Die rege Beteiligung der Teilnehmer*innen aus aller Welt unterstrich die dringende Notwendigkeit von Inklusion und Repr\u00e4sentation in der Fahrradbranche. <\/p>\n\n<p>Elke Van den Brandt, stellvertretende B\u00fcrgermeisterin der Region Br\u00fcssel-Hauptstadt, er\u00f6ffnete das Webinar mit einer scharfen Analyse der Art und Weise, wie das Br\u00fcsseler Verkehrssystem so organisiert war, dass es am besten f\u00fcr Menschen geeignet war, die mit dem Auto zur Arbeit fuhren &#8211; ein m\u00e4nnlich dominiertes Nutzermuster &#8211; und wie sie versucht, denselben Fehler bei der Planung vom Radverkehr zu vermeiden. <\/p>\n\n<p>Anschlie\u00dfend pr\u00e4sentierte Sally Middlemiss Fakten und Empfehlungen aus der Studie <a href=\"https:\/\/www.bicycleassociation.org.uk\/wp-content\/uploads\/2023\/03\/BA-Diversity-in-Cycling-Report-Final-1.pdf\" target=\"_blank\" rel=\"noreferrer noopener\">&#8222;Diversity in the cycling sector&#8220;<\/a> der UK Bicycle Association &#8222;Diversity in the cycling sector&#8220; Caroline van Renterghem, Direktorin der Fifteen Bike Share Company, betonte in ihren Ausf\u00fchrungen zu dem Bericht, wie wichtig eine Vertretung auf den F\u00fchrungsebenen der Fahrradbranche ist. Roberta Frisoni, stellvertretende B\u00fcrgermeisterin f\u00fcr Stadtplanung und Verkehr in Rimini, er\u00f6rterte die Rolle der Frauen in der politischen Macht bei der Gestaltung integrativer Ma\u00dfnahmen. Der ber\u00fchmte italienische Badeort verwandelt derzeit eine 15 km lange Uferpromenade in einen &#8222;Urban Sea Park&#8220;, der einen sicheren Zugang f\u00fcr alle bietet und u. a. Spielpl\u00e4tze f\u00fcr unterschiedliche Bed\u00fcrfnisse schafft (mehr \u00fcber Rimini erfahren Sie <a href=\"https:\/\/ecf.com\/news-and-events\/news\/velo-city-2026-rimini-wins-bid-host-world-cycling-summit\" target=\"_blank\" rel=\"noreferrer noopener\">hier<\/a>).  <\/p>\n\n<figure class=\"wp-block-image\"><img loading=\"lazy\" decoding=\"async\" width=\"1024\" height=\"683\" src=\"https:\/\/mobycon.com\/wp-content\/uploads\/2024\/03\/Rimini-3-4-1024x683.jpg\" alt=\"Die Landschaft von Velo-city, mit Gr&#xFC;nfl&#xE4;chen, Geb&#xE4;uden und dem Meer. \" class=\"wp-image-7152\" srcset=\"https:\/\/mobycon.com\/wp-content\/uploads\/2024\/03\/Rimini-3-4-1024x683.jpg 1024w, https:\/\/mobycon.com\/wp-content\/uploads\/2024\/03\/Rimini-3-4-300x200.jpg 300w, https:\/\/mobycon.com\/wp-content\/uploads\/2024\/03\/Rimini-3-4-768x512.jpg 768w, https:\/\/mobycon.com\/wp-content\/uploads\/2024\/03\/Rimini-3-4-1536x1024.jpg 1536w, https:\/\/mobycon.com\/wp-content\/uploads\/2024\/03\/Rimini-3-4-2048x1365.jpg 2048w\" sizes=\"auto, (max-width: 1024px) 100vw, 1024px\" \/><\/figure>\n\n<h5 class=\"wp-block-heading\"><em>Bildquelle: https:\/\/ecf.com\/news-and-events\/news\/velo-city-2026-rimini-wins-bid-host-world-cycling-summit <\/em><\/h5>\n\n<p>Keisha Alena Mayuga, der Kopf hinter den COVID-Radwegen auf den Philippinen, gab faszinierende Einblicke in ihre Bem\u00fchungen, die Mobilit\u00e4tsbed\u00fcrfnisse von Frauen zu erf\u00fcllen. Caroline Cerfontaine vom Europ\u00e4ischen Fahrradverband pr\u00e4sentierte Zahlen dar\u00fcber, wie sich die Vertretung von Frauen in der nationalen und europ\u00e4ischen Fahrradlobby in den letzten Jahren ver\u00e4ndert hat. <\/p>\n\n<figure class=\"wp-block-image\"><img decoding=\"async\" src=\"https:\/\/mobycon.com\/wp-content\/uploads\/2024\/03\/Unknown-5-1024x575.png\" alt=\"Menschen stellen Pylone auf, um einen gesch&#xFC;tzten Radweg entlang der Stra&#xDF;e anzulegen. \" class=\"wp-image-7160\"\/><\/figure>\n\n<p>W\u00e4hrend wir \u00fcber das Webinar und unser fortlaufendes Engagement f\u00fcr Vielfalt im Fahrradsektor nachdenken, werden wir an die Bedeutung kollektiven Handelns erinnert. Wann sonst jonglieren zwei Vizeb\u00fcrgermeisterinnen mit ihren Terminkalendern und setzen alles daran, einen Beitrag zu einem internationalen Webinar leisten zu k\u00f6nnen? <\/p>\n\n<figure class=\"wp-block-image\"><img loading=\"lazy\" decoding=\"async\" width=\"595\" height=\"742\" src=\"https:\/\/mobycon.com\/wp-content\/uploads\/2024\/03\/Picture-2-7.jpg\" alt=\"Beschreibung der 7 Aktionen f&#xFC;r den Wandel\" class=\"wp-image-7170\" srcset=\"https:\/\/mobycon.com\/wp-content\/uploads\/2024\/03\/Picture-2-7.jpg 595w, https:\/\/mobycon.com\/wp-content\/uploads\/2024\/03\/Picture-2-7-241x300.jpg 241w\" sizes=\"auto, (max-width: 595px) 100vw, 595px\" \/><\/figure>\n\n<p>Als Gr\u00fcndungsmitglied von Women in Cycling und Women in Cycling Germany und als Unterzeichnerin der Europ\u00e4ischen Charta f\u00fcr Frauen im Verkehr verpflichtet sich Mobycon, die Gleichstellung der Geschlechter und die Chancengleichheit in allen Aspekten unserer Arbeit zu f\u00f6rdern. Aber<s> auch<\/s> unser Team<s> muss<\/s> sich immer wieder selbst hinterfragen: Welche Perspektive fehlt uns im Moment? <\/p>\n\n<p>Zusammenfassend l\u00e4sst sich sagen, dass der Weg zur St\u00e4rkung der Rolle der Frau im Fahrradsektor noch nicht abgeschlossen ist. Ob durch die Gestaltung einer inklusiven Infrastruktur oder das Eintreten f\u00fcr politische Ver\u00e4nderungen &#8211; wir setzen uns f\u00fcr positive Ver\u00e4nderungen im Fahrradsektor ein. Wir laden Sie alle ein, sich mit uns gemeinsam f\u00fcr Ver\u00e4nderungen einzusetzen und in die Pedale zu treten, um eine bessere und gerechtere Zukunft f\u00fcr alle Radfahrer*innen zu erreichen. <\/p>\n\n<h3 class=\"wp-block-heading\">Sehen Sie sich die Aufzeichnung des Webinars hier an:<a href=\"https:\/\/www.youtube.com\/watch?v=-52O2KyqecA\"> https:\/\/www.youtube.com\/watch?v=-52O2KyqecA<\/a><\/h3>\n\n<p>M\u00f6chten Sie mehr \u00fcber unsere Arbeit f\u00fcr Frauen im Fahrradsektor erfahren? <a href=\"https:\/\/mobycon.com\/updates\/empowering-women-in-cycling\/info@mobycon.com\">Nehmen Sie hier Kontakt mit uns auf.<\/a><\/p>\n","protected":false},"author":23,"featured_media":7145,"template":"","tags":[486,485,484],"services_taxonomy":[],"class_list":["post-7211","updates","type-updates","status-publish","has-post-thumbnail","hentry","tag-frauen","tag-mobilitat","tag-radfahren"],"acf":[],"yoast_head":"<!-- This site is optimized with the Yoast SEO plugin v27.1.1 - https:\/\/yoast.com\/product\/yoast-seo-wordpress\/ -->\n<title>St\u00e4rkung der Frauen im Fahrradsektor - Mobycon<\/title>\n<meta name=\"description\" content=\"Die strategische Beraterin Dagmar K\u00f6hler moderierte ein Panel w\u00e4hrend eines spannenden Webinars &quot;F\u00fcr mehr Vielfalt im Fahrradsektor&quot; mit Women in Cycling.\" \/>\n<meta name=\"robots\" content=\"index, follow, max-snippet:-1, max-image-preview:large, max-video-preview:-1\" \/>\n<link rel=\"canonical\" href=\"https:\/\/mobycon.com\/de\/updates\/staerkung-der-frauen-im-fahrradsektor\/\" \/>\n<meta property=\"og:locale\" content=\"de_DE\" \/>\n<meta property=\"og:type\" content=\"article\" \/>\n<meta property=\"og:title\" content=\"St\u00e4rkung der Frauen im Fahrradsektor - Mobycon\" \/>\n<meta property=\"og:description\" content=\"Die strategische Beraterin Dagmar K\u00f6hler moderierte ein Panel w\u00e4hrend eines spannenden Webinars &quot;F\u00fcr mehr Vielfalt im Fahrradsektor&quot; mit Women in Cycling.\" \/>\n<meta property=\"og:url\" content=\"https:\/\/mobycon.com\/de\/updates\/staerkung-der-frauen-im-fahrradsektor\/\" \/>\n<meta property=\"og:site_name\" content=\"Mobycon\" \/>\n<meta property=\"article:modified_time\" content=\"2025-09-12T16:52:42+00:00\" \/>\n<meta property=\"og:image\" content=\"https:\/\/mobycon.com\/wp-content\/uploads\/2024\/03\/Picture-1-4.jpg\" \/>\n<meta name=\"twitter:card\" content=\"summary_large_image\" \/>\n<meta name=\"twitter:label1\" content=\"Gesch\u00e4tzte Lesezeit\" \/>\n\t<meta name=\"twitter:data1\" content=\"4\u00a0Minuten\" \/>\n<script type=\"application\/ld+json\" class=\"yoast-schema-graph\">{\"@context\":\"https:\/\/schema.org\",\"@graph\":[{\"@type\":\"WebPage\",\"@id\":\"https:\/\/mobycon.com\/de\/updates\/staerkung-der-frauen-im-fahrradsektor\/\",\"url\":\"https:\/\/mobycon.com\/de\/updates\/staerkung-der-frauen-im-fahrradsektor\/\",\"name\":\"St\u00e4rkung der Frauen im Fahrradsektor - Mobycon\",\"isPartOf\":{\"@id\":\"https:\/\/mobycon.com\/de\/#website\"},\"primaryImageOfPage\":{\"@id\":\"https:\/\/mobycon.com\/de\/updates\/staerkung-der-frauen-im-fahrradsektor\/#primaryimage\"},\"image\":{\"@id\":\"https:\/\/mobycon.com\/de\/updates\/staerkung-der-frauen-im-fahrradsektor\/#primaryimage\"},\"thumbnailUrl\":\"https:\/\/mobycon.com\/wp-content\/uploads\/2024\/03\/Picture-1-4.jpg\",\"datePublished\":\"2024-03-29T15:12:44+00:00\",\"dateModified\":\"2025-09-12T16:52:42+00:00\",\"description\":\"Die strategische Beraterin Dagmar K\u00f6hler moderierte ein Panel w\u00e4hrend eines spannenden Webinars \\\"F\u00fcr mehr Vielfalt im Fahrradsektor\\\" mit Women in Cycling.\",\"breadcrumb\":{\"@id\":\"https:\/\/mobycon.com\/de\/updates\/staerkung-der-frauen-im-fahrradsektor\/#breadcrumb\"},\"inLanguage\":\"de\",\"potentialAction\":[{\"@type\":\"ReadAction\",\"target\":[\"https:\/\/mobycon.com\/de\/updates\/staerkung-der-frauen-im-fahrradsektor\/\"]}]},{\"@type\":\"ImageObject\",\"inLanguage\":\"de\",\"@id\":\"https:\/\/mobycon.com\/de\/updates\/staerkung-der-frauen-im-fahrradsektor\/#primaryimage\",\"url\":\"https:\/\/mobycon.com\/wp-content\/uploads\/2024\/03\/Picture-1-4.jpg\",\"contentUrl\":\"https:\/\/mobycon.com\/wp-content\/uploads\/2024\/03\/Picture-1-4.jpg\",\"width\":816,\"height\":462},{\"@type\":\"BreadcrumbList\",\"@id\":\"https:\/\/mobycon.com\/de\/updates\/staerkung-der-frauen-im-fahrradsektor\/#breadcrumb\",\"itemListElement\":[{\"@type\":\"ListItem\",\"position\":1,\"name\":\"Home\",\"item\":\"https:\/\/mobycon.com\/de\/\"},{\"@type\":\"ListItem\",\"position\":2,\"name\":\"St\u00e4rkung der Frauen im Fahrradsektor\"}]},{\"@type\":\"WebSite\",\"@id\":\"https:\/\/mobycon.com\/de\/#website\",\"url\":\"https:\/\/mobycon.com\/de\/\",\"name\":\"Mobycon\",\"description\":\"Mobility Happiness\",\"potentialAction\":[{\"@type\":\"SearchAction\",\"target\":{\"@type\":\"EntryPoint\",\"urlTemplate\":\"https:\/\/mobycon.com\/de\/?s={search_term_string}\"},\"query-input\":{\"@type\":\"PropertyValueSpecification\",\"valueRequired\":true,\"valueName\":\"search_term_string\"}}],\"inLanguage\":\"de\"}]}<\/script>\n<!-- \/ Yoast SEO plugin. -->","yoast_head_json":{"title":"St\u00e4rkung der Frauen im Fahrradsektor - Mobycon","description":"Die strategische Beraterin Dagmar K\u00f6hler moderierte ein Panel w\u00e4hrend eines spannenden Webinars \"F\u00fcr mehr Vielfalt im Fahrradsektor\" mit Women in Cycling.","robots":{"index":"index","follow":"follow","max-snippet":"max-snippet:-1","max-image-preview":"max-image-preview:large","max-video-preview":"max-video-preview:-1"},"canonical":"https:\/\/mobycon.com\/de\/updates\/staerkung-der-frauen-im-fahrradsektor\/","og_locale":"de_DE","og_type":"article","og_title":"St\u00e4rkung der Frauen im Fahrradsektor - Mobycon","og_description":"Die strategische Beraterin Dagmar K\u00f6hler moderierte ein Panel w\u00e4hrend eines spannenden Webinars \"F\u00fcr mehr Vielfalt im Fahrradsektor\" mit Women in Cycling.","og_url":"https:\/\/mobycon.com\/de\/updates\/staerkung-der-frauen-im-fahrradsektor\/","og_site_name":"Mobycon","article_modified_time":"2025-09-12T16:52:42+00:00","og_image":[{"url":"https:\/\/mobycon.com\/wp-content\/uploads\/2024\/03\/Picture-1-4.jpg","type":"","width":"","height":""}],"twitter_card":"summary_large_image","twitter_misc":{"Gesch\u00e4tzte Lesezeit":"4\u00a0Minuten"},"schema":{"@context":"https:\/\/schema.org","@graph":[{"@type":"WebPage","@id":"https:\/\/mobycon.com\/de\/updates\/staerkung-der-frauen-im-fahrradsektor\/","url":"https:\/\/mobycon.com\/de\/updates\/staerkung-der-frauen-im-fahrradsektor\/","name":"St\u00e4rkung der Frauen im Fahrradsektor - Mobycon","isPartOf":{"@id":"https:\/\/mobycon.com\/de\/#website"},"primaryImageOfPage":{"@id":"https:\/\/mobycon.com\/de\/updates\/staerkung-der-frauen-im-fahrradsektor\/#primaryimage"},"image":{"@id":"https:\/\/mobycon.com\/de\/updates\/staerkung-der-frauen-im-fahrradsektor\/#primaryimage"},"thumbnailUrl":"https:\/\/mobycon.com\/wp-content\/uploads\/2024\/03\/Picture-1-4.jpg","datePublished":"2024-03-29T15:12:44+00:00","dateModified":"2025-09-12T16:52:42+00:00","description":"Die strategische Beraterin Dagmar K\u00f6hler moderierte ein Panel w\u00e4hrend eines spannenden Webinars \"F\u00fcr mehr Vielfalt im Fahrradsektor\" mit Women in Cycling.","breadcrumb":{"@id":"https:\/\/mobycon.com\/de\/updates\/staerkung-der-frauen-im-fahrradsektor\/#breadcrumb"},"inLanguage":"de","potentialAction":[{"@type":"ReadAction","target":["https:\/\/mobycon.com\/de\/updates\/staerkung-der-frauen-im-fahrradsektor\/"]}]},{"@type":"ImageObject","inLanguage":"de","@id":"https:\/\/mobycon.com\/de\/updates\/staerkung-der-frauen-im-fahrradsektor\/#primaryimage","url":"https:\/\/mobycon.com\/wp-content\/uploads\/2024\/03\/Picture-1-4.jpg","contentUrl":"https:\/\/mobycon.com\/wp-content\/uploads\/2024\/03\/Picture-1-4.jpg","width":816,"height":462},{"@type":"BreadcrumbList","@id":"https:\/\/mobycon.com\/de\/updates\/staerkung-der-frauen-im-fahrradsektor\/#breadcrumb","itemListElement":[{"@type":"ListItem","position":1,"name":"Home","item":"https:\/\/mobycon.com\/de\/"},{"@type":"ListItem","position":2,"name":"St\u00e4rkung der Frauen im Fahrradsektor"}]},{"@type":"WebSite","@id":"https:\/\/mobycon.com\/de\/#website","url":"https:\/\/mobycon.com\/de\/","name":"Mobycon","description":"Mobility Happiness","potentialAction":[{"@type":"SearchAction","target":{"@type":"EntryPoint","urlTemplate":"https:\/\/mobycon.com\/de\/?s={search_term_string}"},"query-input":{"@type":"PropertyValueSpecification","valueRequired":true,"valueName":"search_term_string"}}],"inLanguage":"de"}]}},"_links":{"self":[{"href":"https:\/\/mobycon.com\/de\/wp-json\/wp\/v2\/updates\/7211","targetHints":{"allow":["GET"]}}],"collection":[{"href":"https:\/\/mobycon.com\/de\/wp-json\/wp\/v2\/updates"}],"about":[{"href":"https:\/\/mobycon.com\/de\/wp-json\/wp\/v2\/types\/updates"}],"author":[{"embeddable":true,"href":"https:\/\/mobycon.com\/de\/wp-json\/wp\/v2\/users\/23"}],"wp:featuredmedia":[{"embeddable":true,"href":"https:\/\/mobycon.com\/de\/wp-json\/wp\/v2\/media\/7145"}],"wp:attachment":[{"href":"https:\/\/mobycon.com\/de\/wp-json\/wp\/v2\/media?parent=7211"}],"wp:term":[{"taxonomy":"post_tag","embeddable":true,"href":"https:\/\/mobycon.com\/de\/wp-json\/wp\/v2\/tags?post=7211"},{"taxonomy":"services","embeddable":true,"href":"https:\/\/mobycon.com\/de\/wp-json\/wp\/v2\/services_taxonomy?post=7211"}],"curies":[{"name":"wp","href":"https:\/\/api.w.org\/{rel}","templated":true}]}}