{"id":7215,"date":"2024-03-27T12:21:41","date_gmt":"2024-03-27T11:21:41","guid":{"rendered":"https:\/\/mobycon.com\/updates\/das-ist-anna-luten\/"},"modified":"2025-09-12T18:52:48","modified_gmt":"2025-09-12T16:52:48","slug":"das-ist-anna-luten","status":"publish","type":"updates","link":"https:\/\/mobycon.com\/de\/updates\/das-ist-anna-luten\/","title":{"rendered":"Das ist Anna Luten!"},"content":{"rendered":"\n<figure class=\"wp-block-gallery has-nested-images columns-default is-cropped wp-block-gallery-1 is-layout-flex wp-block-gallery-is-layout-flex\">\n<figure class=\"wp-block-image size-medium\"><img loading=\"lazy\" decoding=\"async\" width=\"224\" height=\"300\" data-id=\"7120\" src=\"https:\/\/mobycon.com\/wp-content\/uploads\/2024\/03\/Picture-2-2-224x300.jpg\" alt=\"Bild von Anna Luten\" class=\"wp-image-7120\" srcset=\"https:\/\/mobycon.com\/wp-content\/uploads\/2024\/03\/Picture-2-2-224x300.jpg 224w, https:\/\/mobycon.com\/wp-content\/uploads\/2024\/03\/Picture-2-2.jpg 368w\" sizes=\"auto, (max-width: 224px) 100vw, 224px\" \/><\/figure>\n\n\n\n<figure class=\"wp-block-image size-medium\"><img loading=\"lazy\" decoding=\"async\" width=\"224\" height=\"300\" data-id=\"7121\" src=\"https:\/\/mobycon.com\/wp-content\/uploads\/2024\/03\/Picture-1-3-224x300.jpg\" alt=\"Bild von Anna Luten\" class=\"wp-image-7121\" srcset=\"https:\/\/mobycon.com\/wp-content\/uploads\/2024\/03\/Picture-1-3-224x300.jpg 224w, https:\/\/mobycon.com\/wp-content\/uploads\/2024\/03\/Picture-1-3.jpg 368w\" sizes=\"auto, (max-width: 224px) 100vw, 224px\" \/><\/figure>\n<\/figure>\n\n<p>Zur gleichen Zeit war ich Brand Managerin f\u00fcr <a href=\"https:\/\/www.liv-cycling.com\/us\/bikes\/road-bikes?gad_source=1&amp;gclid=CjwKCAjwte-vBhBFEiwAQSv_xSc-dIF4k4JZTAdm5ArVHLXW6WZbPGVyppJk6_03RbtoybC3NWvdoxoC-hAQAvD_BwE\" target=\"_blank\" rel=\"noreferrer noopener\">Liv<\/a>, eine Frauen-Radmarke von <a href=\"https:\/\/www.giant-bicycles.com\/us\" target=\"_blank\" rel=\"noreferrer noopener\">Giant<\/a>. Unser Ziel war es, die haupts\u00e4chlich von M\u00e4nnern dominierte Fahrradindustrie durch einen neuen, auf Frauen ausgerichteten Fokus zu ver\u00e4ndern. Die Entwicklung von Fahrr\u00e4dern und Ausr\u00fcstungen f\u00fcr Frauen war dringend notwendig, und obwohl wir anfangs auf einigen Widerstand stie\u00dfen, glaube ich, dass wir der gesamten Branche unseren Stempel aufgedr\u00fcckt haben. <\/p>\n\n<p>Bei Liv hatte ich das Privileg, vielen Frauen die Freude am Radfahren zu vermitteln. Es ging \u00fcber das Unterrichten hinaus: Es ging darum, sie zu erm\u00e4chtigen, diese erste Fahrt zu machen und die Freiheit zu erleben, die sie mit sich bringt. <\/p>\n\n<p>So ermutigend es f\u00fcr die Neulinge war, so inspirierend war es auch f\u00fcr mich. Es half mir, meine Angst vor dem Fahren nach einem schweren Unfall zu \u00fcberwinden. Diese Erfahrung vertiefte mein Mitgef\u00fchl f\u00fcr diejenigen, die z\u00f6gern, mit dem Rad zu fahren, sei es aufgrund von Sicherheitsbedenken oder pers\u00f6nlichen Hindernissen. Diese <a href=\"https:\/\/www.theguardian.com\/us-news\/2022\/sep\/12\/us-cyclists-quit-riding-bikes-streets\" target=\"_blank\" rel=\"noreferrer noopener\">Bedenken und Hindernisse<\/a> sind auch in den USA, wo ich heute lebe, weit verbreitet. <\/p>\n\n<p><strong>Von Amsterdam nach Brooklyn, New York<\/strong> <\/p>\n\n<p>Das Aufwachsen in der N\u00e4he von Amsterdam mit einem niederl\u00e4ndischen Vater und einer finnischen Mutter hat mir fr\u00fch gezeigt, dass unterschiedliche Perspektiven dein Verst\u00e4ndnis bereichern k\u00f6nnen. Das Leben in New York City, wo die Welt in einer pulsierenden Stadt zusammenkommt, hat mir die Augen weiter ge\u00f6ffnet, und die Vielfalt in den einzelnen Vierteln inspiriert mich t\u00e4glich. <\/p>\n\n<p>Nach meiner Ankunft begann ich, die Stadtteile zu Fu\u00df zu erkunden und ging jeden Tag stundenlang spazieren. Ich habe zwei Monate gebraucht, um zum ersten Mal mit einem <a href=\"https:\/\/citibikenyc.com\/\" target=\"_blank\" rel=\"noreferrer noopener\">Citi Bike<\/a> zu fahren. Zuerst z\u00f6gerte ich, mit dem Fahrrad zu fahren, aber als ich es dann tat, war es magisch und bot die Freiheit, viel mehr von der Stadt zu erkunden. <\/p>\n\n<figure class=\"wp-block-gallery has-nested-images columns-default is-cropped wp-block-gallery-2 is-layout-flex wp-block-gallery-is-layout-flex\">\n<figure class=\"wp-block-image size-full\"><img loading=\"lazy\" decoding=\"async\" width=\"444\" height=\"592\" data-id=\"7132\" src=\"https:\/\/mobycon.com\/wp-content\/uploads\/2024\/03\/Picture-4-1.jpg\" alt=\"Bild von Anna Luten auf einem Citibike\" class=\"wp-image-7132\" srcset=\"https:\/\/mobycon.com\/wp-content\/uploads\/2024\/03\/Picture-4-1.jpg 444w, https:\/\/mobycon.com\/wp-content\/uploads\/2024\/03\/Picture-4-1-225x300.jpg 225w\" sizes=\"auto, (max-width: 444px) 100vw, 444px\" \/><\/figure>\n\n\n\n<figure class=\"wp-block-image size-large\"><img loading=\"lazy\" decoding=\"async\" width=\"442\" height=\"590\" data-id=\"7131\" src=\"https:\/\/mobycon.com\/wp-content\/uploads\/2024\/03\/Picture-3-1.jpg\" alt=\"Bild von Anna Luten auf einem Citibike\" class=\"wp-image-7131\" srcset=\"https:\/\/mobycon.com\/wp-content\/uploads\/2024\/03\/Picture-3-1.jpg 442w, https:\/\/mobycon.com\/wp-content\/uploads\/2024\/03\/Picture-3-1-225x300.jpg 225w\" sizes=\"auto, (max-width: 442px) 100vw, 442px\" \/><\/figure>\n<\/figure>\n\n<p><em>Zum ersten Mal ein Citi Bike nutzen<\/em> <\/p>\n\n<p>Das Radfahren hier erfordert eine erh\u00f6hte Aufmerksamkeit f\u00fcr Schlagl\u00f6cher, Autot\u00fcren und die einfache Annahme, dass man f\u00fcr Autofahrer*innen unsichtbar ist. Aber NYC ist eine gro\u00dfartige Fahrradstadt. Sie ist \u00fcberwiegend flach und leicht zu befahren. Im Gegensatz zu Amsterdam sind die Radwege (noch) nicht \u00fcberf\u00fcllt.   <\/p>\n\n<p>Die Leute nehmen an, dass ich t\u00e4glich mit dem Fahrrad fahre, aber ehrlich gesagt, bin ich schon seit Wochen nicht mehr gefahren. Das liegt auch daran, dass ich die verschiedenen Transportm\u00f6glichkeiten in NYC liebe. Es ist gro\u00dfartig, dass ich je nach Wetter, Entfernung und Zeit zwischen meinen F\u00fc\u00dfen, dem Fahrrad, der U-Bahn oder gelegentlich dem Uber w\u00e4hlen kann.   <\/p>\n\n<p><strong>Warum ich Mobycon bei Mobycon angefangen habe<\/strong> <\/p>\n\n<p>Ich bin zu Mobycon gekommen wegen der <a href=\"https:\/\/mobycon.com\/de\/ueber-uns\/\" target=\"_blank\" rel=\"noreferrer noopener\">gemeinsamen Vision<\/a>, dem unglaublichen <a href=\"https:\/\/mobycon.com\/team\/\" target=\"_blank\" rel=\"noreferrer noopener\">Team<\/a> und der gro\u00dfen Vielfalt an Hintergr\u00fcnden. Mobycon hatte ich schon seit ein paar Jahren auf dem Radar, und als sich diese Gelegenheit ergab, war ich begeistert, an Bord zu gehen! Die Kombination meiner niederl\u00e4ndischen Wurzeln und meines beruflichen Hintergrunds mit meinem fast zehnj\u00e4hrigen Aufenthalt in den USA haben mir geholfen, mich schnell zurechtzufinden.  <\/p>\n\n<p>Meine Motivation geht \u00fcber die blo\u00dfe Teilnahme am Team hinaus; ich bin sehr motiviert, einen wirklichen Unterschied in der Welt zu machen, in der meine Kinder leben. Einem Unternehmen beizutreten, das sich darauf konzentriert, die Orte, an denen wir leben, neu zu gestalten und sie weniger abh\u00e4ngig von Autos zu machen, ist eine gro\u00dfartige M\u00f6glichkeit, etwas zu bewirken. Mit Mobycon kann ich dazu beitragen, unsere Gemeinschaften in sicherere und angenehmere Orte zu verwandeln.   <\/p>\n\n<figure class=\"wp-block-gallery has-nested-images columns-default is-cropped wp-block-gallery-3 is-layout-flex wp-block-gallery-is-layout-flex\">\n<figure class=\"wp-block-image size-large\"><img loading=\"lazy\" decoding=\"async\" width=\"936\" height=\"936\" data-id=\"7134\" src=\"https:\/\/mobycon.com\/wp-content\/uploads\/2024\/03\/Picture-5-1.jpg\" alt=\"Stra&#xDF;e, auf die mit Kreide gemalt wurde und am Stra&#xDF;enrand geparkten Autos\" class=\"wp-image-7134\" srcset=\"https:\/\/mobycon.com\/wp-content\/uploads\/2024\/03\/Picture-5-1.jpg 936w, https:\/\/mobycon.com\/wp-content\/uploads\/2024\/03\/Picture-5-1-300x300.jpg 300w, https:\/\/mobycon.com\/wp-content\/uploads\/2024\/03\/Picture-5-1-150x150.jpg 150w, https:\/\/mobycon.com\/wp-content\/uploads\/2024\/03\/Picture-5-1-768x768.jpg 768w\" sizes=\"auto, (max-width: 936px) 100vw, 936px\" \/><\/figure>\n<\/figure>\n\n<p><em>Dieses Bild f\u00e4ngt die Tage ein, als mein Viertel wiederbelebt wurde, Autos nicht mehr durchfahren durften und die Stra\u00dfen zu Spielzonen wurden.<\/em><\/p>\n\n<p><strong>Ein bisschen mehr \u00fcber mich<\/strong> <\/p>\n\n<p>Ich bin neugierig darauf, neue Orte zu erkunden, neue Gerichte zu probieren und st\u00e4ndig dazuzulernen. Seit ich nach New York gezogen bin, habe ich f\u00fcr mehrere Marken gearbeitet, von Start-ups bis hin zu gro\u00dfen Unternehmen in verschiedenen Branchen, wobei der Schwerpunkt auf der Verbesserung der allgemeinen Markenbekanntheit und der F\u00f6rderung von Marketinginitiativen lag. <\/p>\n\n<p>Als Bef\u00fcrworterin sicherer Stra\u00dfen in New York City und Mitglied des Beirats von <a href=\"https:\/\/transalt.org\/\" target=\"_blank\" rel=\"noreferrer noopener\">Transportation Alternatives<\/a> bin ich froh, dass ich mich einem Unternehmen angeschlossen habe, das meine Ambitionen teilt. <\/p>\n\n<p><strong>Was kommt als N\u00e4chstes?<\/strong> <\/p>\n\n<p>Ich freue mich darauf, die Vision, den Auftrag und die Arbeit von Mobycon mit der ganzen Welt zu teilen. Mobycon verf\u00fcgt \u00fcber ein reichhaltiges Wissen, ist jedoch bescheiden und h\u00e4lt sich vielleicht an die niederl\u00e4ndische \u00dcberzeugung, dass es oft am besten ist, Dinge einfach zu halten. Halten Sie die Augen offen!   <\/p>\n\n<p>Da meine Kinder heranwachsen, ist es mir ein gro\u00dfes Bed\u00fcrfnis, unsere Stra\u00dfen f\u00fcr die j\u00fcngeren Generationen sicherer zu machen. Wenn wir ihnen beibringen, sich sicher auf unseren Stra\u00dfen zu bewegen, k\u00f6nnen wir sie dazu inspirieren, noch mehr Ver\u00e4nderung auf der Stra\u00dfe vorzunehmen. Es geht darum, sie heute sicherer zu machen f\u00fcr ein kl\u00fcgeres Morgen.   <\/p>\n\n<p>Als jemand, der Ver\u00e4nderungen begr\u00fc\u00dft und versucht, L\u00fccken zu schlie\u00dfen, sehe ich eine spannende Reise vor mir. <\/p>\n\n<p><strong>Erreichen Sie uns!<\/strong> <\/p>\n\n<p>Bitte <a href=\"https:\/\/mobycon.com\/de\/kontakt\/\" target=\"_blank\" rel=\"noreferrer noopener\">kontaktieren Sie uns<\/a>, wenn Sie sich mit uns unterhalten m\u00f6chten. Wir freuen uns darauf, Sie kennenzulernen! <\/p>\n\n<figure class=\"wp-block-gallery has-nested-images columns-default is-cropped wp-block-gallery-4 is-layout-flex wp-block-gallery-is-layout-flex\">\n<figure class=\"wp-block-image size-large\"><img loading=\"lazy\" decoding=\"async\" width=\"1024\" height=\"684\" data-id=\"7136\" src=\"https:\/\/mobycon.com\/wp-content\/uploads\/2024\/03\/Picture-6-1-1024x684.jpg\" alt=\"Anna Luten geht mit ihrem Fahrrad in einer Autowaschanlage. \" class=\"wp-image-7136\" srcset=\"https:\/\/mobycon.com\/wp-content\/uploads\/2024\/03\/Picture-6-1-1024x684.jpg 1024w, https:\/\/mobycon.com\/wp-content\/uploads\/2024\/03\/Picture-6-1-300x201.jpg 300w, https:\/\/mobycon.com\/wp-content\/uploads\/2024\/03\/Picture-6-1-768x513.jpg 768w, https:\/\/mobycon.com\/wp-content\/uploads\/2024\/03\/Picture-6-1.jpg 1535w\" sizes=\"auto, (max-width: 1024px) 100vw, 1024px\" \/><\/figure>\n<\/figure>\n\n<p><em>Beim Betreten einer Autowaschanlage&#8230;<\/em> <\/p>\n\n<figure class=\"wp-block-gallery has-nested-images columns-default is-cropped wp-block-gallery-5 is-layout-flex wp-block-gallery-is-layout-flex\">\n<figure class=\"wp-block-image size-large\"><img loading=\"lazy\" decoding=\"async\" width=\"1024\" height=\"768\" data-id=\"7138\" src=\"https:\/\/mobycon.com\/wp-content\/uploads\/2024\/03\/cargo-1024x768.jpg\" alt=\"Anna Luten f&#xE4;hrt ein Lastenfahrrad\" class=\"wp-image-7138\" srcset=\"https:\/\/mobycon.com\/wp-content\/uploads\/2024\/03\/cargo-1024x768.jpg 1024w, https:\/\/mobycon.com\/wp-content\/uploads\/2024\/03\/cargo-300x225.jpg 300w, https:\/\/mobycon.com\/wp-content\/uploads\/2024\/03\/cargo-768x576.jpg 768w, https:\/\/mobycon.com\/wp-content\/uploads\/2024\/03\/cargo-1536x1152.jpg 1536w, https:\/\/mobycon.com\/wp-content\/uploads\/2024\/03\/cargo-2048x1536.jpg 2048w\" sizes=\"auto, (max-width: 1024px) 100vw, 1024px\" \/><\/figure>\n<\/figure>\n\n<p><em>Ich probiere ein neues Lastenfahrrad aus.<\/em><\/p>\n","protected":false},"author":15,"featured_media":7137,"template":"","tags":[485,488,484],"services_taxonomy":[],"class_list":["post-7215","updates","type-updates","status-publish","has-post-thumbnail","hentry","tag-mobilitat","tag-neues-mitglied","tag-radfahren"],"acf":[],"yoast_head":"<!-- This site is optimized with the Yoast SEO plugin v27.1.1 - https:\/\/yoast.com\/product\/yoast-seo-wordpress\/ -->\n<title>Das ist Anna Luten! - Mobycon<\/title>\n<meta name=\"description\" content=\"Vorstellung von Anna Luten, die das Mobycon-Team in Nordamerika verst\u00e4rkt. Wir freuen uns, sie als erste Fahrradb\u00fcrgermeisterin von Amsterdam begr\u00fc\u00dfen zu d\u00fcrfen.\" \/>\n<meta name=\"robots\" content=\"index, follow, max-snippet:-1, max-image-preview:large, max-video-preview:-1\" \/>\n<link rel=\"canonical\" href=\"https:\/\/mobycon.com\/de\/updates\/das-ist-anna-luten\/\" \/>\n<meta property=\"og:locale\" content=\"de_DE\" \/>\n<meta property=\"og:type\" content=\"article\" \/>\n<meta property=\"og:title\" content=\"Das ist Anna Luten! - Mobycon\" \/>\n<meta property=\"og:description\" content=\"Vorstellung von Anna Luten, die das Mobycon-Team in Nordamerika verst\u00e4rkt. Wir freuen uns, sie als erste Fahrradb\u00fcrgermeisterin von Amsterdam begr\u00fc\u00dfen zu d\u00fcrfen.\" \/>\n<meta property=\"og:url\" content=\"https:\/\/mobycon.com\/de\/updates\/das-ist-anna-luten\/\" \/>\n<meta property=\"og:site_name\" content=\"Mobycon\" \/>\n<meta property=\"article:modified_time\" content=\"2025-09-12T16:52:48+00:00\" \/>\n<meta property=\"og:image\" content=\"https:\/\/mobycon.com\/wp-content\/uploads\/2024\/03\/Picture-2-2-224x300.jpg\" \/>\n<meta name=\"twitter:card\" content=\"summary_large_image\" \/>\n<meta name=\"twitter:label1\" content=\"Gesch\u00e4tzte Lesezeit\" \/>\n\t<meta name=\"twitter:data1\" content=\"4\u00a0Minuten\" \/>\n<script type=\"application\/ld+json\" class=\"yoast-schema-graph\">{\"@context\":\"https:\/\/schema.org\",\"@graph\":[{\"@type\":\"WebPage\",\"@id\":\"https:\/\/mobycon.com\/de\/updates\/das-ist-anna-luten\/\",\"url\":\"https:\/\/mobycon.com\/de\/updates\/das-ist-anna-luten\/\",\"name\":\"Das ist Anna Luten! - Mobycon\",\"isPartOf\":{\"@id\":\"https:\/\/mobycon.com\/de\/#website\"},\"primaryImageOfPage\":{\"@id\":\"https:\/\/mobycon.com\/de\/updates\/das-ist-anna-luten\/#primaryimage\"},\"image\":{\"@id\":\"https:\/\/mobycon.com\/de\/updates\/das-ist-anna-luten\/#primaryimage\"},\"thumbnailUrl\":\"https:\/\/mobycon.com\/wp-content\/uploads\/2024\/03\/Picture-6-1.jpg\",\"datePublished\":\"2024-03-27T11:21:41+00:00\",\"dateModified\":\"2025-09-12T16:52:48+00:00\",\"description\":\"Vorstellung von Anna Luten, die das Mobycon-Team in Nordamerika verst\u00e4rkt. Wir freuen uns, sie als erste Fahrradb\u00fcrgermeisterin von Amsterdam begr\u00fc\u00dfen zu d\u00fcrfen.\",\"breadcrumb\":{\"@id\":\"https:\/\/mobycon.com\/de\/updates\/das-ist-anna-luten\/#breadcrumb\"},\"inLanguage\":\"de\",\"potentialAction\":[{\"@type\":\"ReadAction\",\"target\":[\"https:\/\/mobycon.com\/de\/updates\/das-ist-anna-luten\/\"]}]},{\"@type\":\"ImageObject\",\"inLanguage\":\"de\",\"@id\":\"https:\/\/mobycon.com\/de\/updates\/das-ist-anna-luten\/#primaryimage\",\"url\":\"https:\/\/mobycon.com\/wp-content\/uploads\/2024\/03\/Picture-6-1.jpg\",\"contentUrl\":\"https:\/\/mobycon.com\/wp-content\/uploads\/2024\/03\/Picture-6-1.jpg\",\"width\":1535,\"height\":1026},{\"@type\":\"BreadcrumbList\",\"@id\":\"https:\/\/mobycon.com\/de\/updates\/das-ist-anna-luten\/#breadcrumb\",\"itemListElement\":[{\"@type\":\"ListItem\",\"position\":1,\"name\":\"Home\",\"item\":\"https:\/\/mobycon.com\/de\/\"},{\"@type\":\"ListItem\",\"position\":2,\"name\":\"Das ist Anna Luten!\"}]},{\"@type\":\"WebSite\",\"@id\":\"https:\/\/mobycon.com\/de\/#website\",\"url\":\"https:\/\/mobycon.com\/de\/\",\"name\":\"Mobycon\",\"description\":\"Mobility Happiness\",\"potentialAction\":[{\"@type\":\"SearchAction\",\"target\":{\"@type\":\"EntryPoint\",\"urlTemplate\":\"https:\/\/mobycon.com\/de\/?s={search_term_string}\"},\"query-input\":{\"@type\":\"PropertyValueSpecification\",\"valueRequired\":true,\"valueName\":\"search_term_string\"}}],\"inLanguage\":\"de\"}]}<\/script>\n<!-- \/ Yoast SEO plugin. -->","yoast_head_json":{"title":"Das ist Anna Luten! - Mobycon","description":"Vorstellung von Anna Luten, die das Mobycon-Team in Nordamerika verst\u00e4rkt. Wir freuen uns, sie als erste Fahrradb\u00fcrgermeisterin von Amsterdam begr\u00fc\u00dfen zu d\u00fcrfen.","robots":{"index":"index","follow":"follow","max-snippet":"max-snippet:-1","max-image-preview":"max-image-preview:large","max-video-preview":"max-video-preview:-1"},"canonical":"https:\/\/mobycon.com\/de\/updates\/das-ist-anna-luten\/","og_locale":"de_DE","og_type":"article","og_title":"Das ist Anna Luten! - Mobycon","og_description":"Vorstellung von Anna Luten, die das Mobycon-Team in Nordamerika verst\u00e4rkt. Wir freuen uns, sie als erste Fahrradb\u00fcrgermeisterin von Amsterdam begr\u00fc\u00dfen zu d\u00fcrfen.","og_url":"https:\/\/mobycon.com\/de\/updates\/das-ist-anna-luten\/","og_site_name":"Mobycon","article_modified_time":"2025-09-12T16:52:48+00:00","og_image":[{"url":"https:\/\/mobycon.com\/wp-content\/uploads\/2024\/03\/Picture-2-2-224x300.jpg","type":"","width":"","height":""}],"twitter_card":"summary_large_image","twitter_misc":{"Gesch\u00e4tzte Lesezeit":"4\u00a0Minuten"},"schema":{"@context":"https:\/\/schema.org","@graph":[{"@type":"WebPage","@id":"https:\/\/mobycon.com\/de\/updates\/das-ist-anna-luten\/","url":"https:\/\/mobycon.com\/de\/updates\/das-ist-anna-luten\/","name":"Das ist Anna Luten! - Mobycon","isPartOf":{"@id":"https:\/\/mobycon.com\/de\/#website"},"primaryImageOfPage":{"@id":"https:\/\/mobycon.com\/de\/updates\/das-ist-anna-luten\/#primaryimage"},"image":{"@id":"https:\/\/mobycon.com\/de\/updates\/das-ist-anna-luten\/#primaryimage"},"thumbnailUrl":"https:\/\/mobycon.com\/wp-content\/uploads\/2024\/03\/Picture-6-1.jpg","datePublished":"2024-03-27T11:21:41+00:00","dateModified":"2025-09-12T16:52:48+00:00","description":"Vorstellung von Anna Luten, die das Mobycon-Team in Nordamerika verst\u00e4rkt. Wir freuen uns, sie als erste Fahrradb\u00fcrgermeisterin von Amsterdam begr\u00fc\u00dfen zu d\u00fcrfen.","breadcrumb":{"@id":"https:\/\/mobycon.com\/de\/updates\/das-ist-anna-luten\/#breadcrumb"},"inLanguage":"de","potentialAction":[{"@type":"ReadAction","target":["https:\/\/mobycon.com\/de\/updates\/das-ist-anna-luten\/"]}]},{"@type":"ImageObject","inLanguage":"de","@id":"https:\/\/mobycon.com\/de\/updates\/das-ist-anna-luten\/#primaryimage","url":"https:\/\/mobycon.com\/wp-content\/uploads\/2024\/03\/Picture-6-1.jpg","contentUrl":"https:\/\/mobycon.com\/wp-content\/uploads\/2024\/03\/Picture-6-1.jpg","width":1535,"height":1026},{"@type":"BreadcrumbList","@id":"https:\/\/mobycon.com\/de\/updates\/das-ist-anna-luten\/#breadcrumb","itemListElement":[{"@type":"ListItem","position":1,"name":"Home","item":"https:\/\/mobycon.com\/de\/"},{"@type":"ListItem","position":2,"name":"Das ist Anna Luten!"}]},{"@type":"WebSite","@id":"https:\/\/mobycon.com\/de\/#website","url":"https:\/\/mobycon.com\/de\/","name":"Mobycon","description":"Mobility Happiness","potentialAction":[{"@type":"SearchAction","target":{"@type":"EntryPoint","urlTemplate":"https:\/\/mobycon.com\/de\/?s={search_term_string}"},"query-input":{"@type":"PropertyValueSpecification","valueRequired":true,"valueName":"search_term_string"}}],"inLanguage":"de"}]}},"_links":{"self":[{"href":"https:\/\/mobycon.com\/de\/wp-json\/wp\/v2\/updates\/7215","targetHints":{"allow":["GET"]}}],"collection":[{"href":"https:\/\/mobycon.com\/de\/wp-json\/wp\/v2\/updates"}],"about":[{"href":"https:\/\/mobycon.com\/de\/wp-json\/wp\/v2\/types\/updates"}],"author":[{"embeddable":true,"href":"https:\/\/mobycon.com\/de\/wp-json\/wp\/v2\/users\/15"}],"wp:featuredmedia":[{"embeddable":true,"href":"https:\/\/mobycon.com\/de\/wp-json\/wp\/v2\/media\/7137"}],"wp:attachment":[{"href":"https:\/\/mobycon.com\/de\/wp-json\/wp\/v2\/media?parent=7215"}],"wp:term":[{"taxonomy":"post_tag","embeddable":true,"href":"https:\/\/mobycon.com\/de\/wp-json\/wp\/v2\/tags?post=7215"},{"taxonomy":"services","embeddable":true,"href":"https:\/\/mobycon.com\/de\/wp-json\/wp\/v2\/services_taxonomy?post=7215"}],"curies":[{"name":"wp","href":"https:\/\/api.w.org\/{rel}","templated":true}]}}