{"id":9847,"date":"2025-09-12T18:51:41","date_gmt":"2025-09-12T16:51:41","guid":{"rendered":"https:\/\/mobycon.com\/?post_type=updates&#038;p=9847"},"modified":"2025-09-12T18:51:41","modified_gmt":"2025-09-12T16:51:41","slug":"das-war-deutschlands-fussverkehrskongress-fuko-2025-ein-rekord-neue-allianzen-und-viele-ideen-fuer-die-zukunft","status":"publish","type":"updates","link":"https:\/\/mobycon.com\/de\/updates\/das-war-deutschlands-fussverkehrskongress-fuko-2025-ein-rekord-neue-allianzen-und-viele-ideen-fuer-die-zukunft\/","title":{"rendered":"Das war Deutschlands Fu\u00dfverkehrskongress FUKO 2025: Ein Rekord, neue Allianzen und viele Ideen f\u00fcr die Zukunft\u00a0"},"content":{"rendered":"\n<p>Besonders erfreulich war die \u00fcberparteiliche Ausrichtung des diesj\u00e4hrigen FUKOs: Das FDP-gef\u00fchrte Ministerium f\u00fcr Wirtschaft, Verkehr, Landwirtschaft und Weinbau Rheinland-Pfalz war Gastgeberin und hat mit dem Programm \u201eInnenst\u00e4dte der Zukunft\u201c eine neue T\u00fcr ge\u00f6ffnet. Ein starkes Zeichen, das Thema Fu\u00dfverkehr raus der Nische und rein ins Leben zu holen! Das \u00fcbergeordnete Thema: Wie gestalten wir Innenst\u00e4dte, die lebenswert, nachhaltig und zukunftsf\u00e4hig sind?&nbsp;<\/p>\n\n\n\n<p>Ein echtes Highlight war die Rede von Verkehrsminister Volker Wissing. In den letzten Jahren hatte er sich auf Kongressen der aktiven Mobilit\u00e4t eher rar gemacht \u2013 diesmal hielt er Wort, war dabei und brach eine Lanze f\u00fcr die nachhaltigste Mobilit\u00e4tsform der Welt. \u201eWir wollen Lebensqualit\u00e4t schaffen in unseren St\u00e4dte, \u2026, daf\u00fcr muss der Fu\u00dfverkehr nat\u00fcrlich eine ganz zentrale Rolle spielen\u201c, so Wissing. Ein wichtiger Schritt, um den Fu\u00dfverkehr endlich im Hauptraum der Mobilit\u00e4tsdebatte zu besprechen!&nbsp;<\/p>\n\n\n\n<p>Thematisch war das Programm des FUKOs breit gef\u00e4chert: Von rechtlichen Rahmenbedingungen, Infrastrukturfragen, Strategien auf allen Ebenen \u2013 von der Kommune bis zur paneurop\u00e4ischen Zusammenarbeit \u2013, Sicherheit, Gesundheit, Wohnquartiere, Tourismus, Place Making, Stadtentwicklung, Wirtschaft, Longevity bis zur anstehenden Krise in der Altenpflege war alles mit dabei.&nbsp;<\/p>\n\n\n\n<p>Mobycon durfte seinen interdisziplin\u00e4ren Blick \u00fcber die L\u00e4ndergrenzen ins Kongressprogramm einbringen: <a href=\"mailto:d.koehler@mobycon.com\">Dagmar K\u00f6hler<\/a> besprach in einem Fachforum das Konzept der \u201eWoonerf 2.0\u201c, und <a href=\"mailto:h.loy@mobycon.com\" target=\"_blank\" rel=\"noreferrer noopener\">Helene Loy<\/a> und <a href=\"mailto:a.taillez@mobycon.com\" target=\"_blank\" rel=\"noreferrer noopener\">Anna Tailliez<\/a> wendeten das Konzept der \u201eGood Street\u201c auf einem Walkshop im Freien in einer Kurzversion praktisch an.\u00a0\u00a0<\/p>\n\n\n\n<figure class=\"wp-block-image size-large\"><img loading=\"lazy\" decoding=\"async\" width=\"1024\" height=\"768\" src=\"https:\/\/mobycon.com\/wp-content\/uploads\/2025\/04\/image-1024x768.jpeg\" alt=\"\" class=\"wp-image-9848\" srcset=\"https:\/\/mobycon.com\/wp-content\/uploads\/2025\/04\/image-1024x768.jpeg 1024w, https:\/\/mobycon.com\/wp-content\/uploads\/2025\/04\/image-300x225.jpeg 300w, https:\/\/mobycon.com\/wp-content\/uploads\/2025\/04\/image-768x576.jpeg 768w, https:\/\/mobycon.com\/wp-content\/uploads\/2025\/04\/image.jpeg 1246w\" sizes=\"auto, (max-width: 1024px) 100vw, 1024px\" \/><\/figure>\n\n\n\n<p>Ein Ziel des Kongresses war es, Raum f\u00fcr neue Allianzen zu bieten und sektor\u00fcbergreifend zusammenzuarbeiten. In vielen Bereichen ist dies bereits gelungen: Erstmals zeigten sich zentrale Akteure des Gesundheitssektors prominent auf der Hauptb\u00fchne, darunter Rheinland-Pfalz\u2018 Gesundheitsminister Clemens Hoch und Anke Tempelmann vom AOK-Bundesverband.&nbsp;&nbsp;<\/p>\n\n\n\n<p>Zum Kongressabschluss inspirierte der Kommunikationsstratege Matthias Riegel mit seinen \u00dcberlegungen zu kommunikativen Narrativen rund um \u201eF\u00fc\u00dfe an die Macht! oder \u201eFridays for F\u00fc\u00dfe\u201c. Die Botschaft: Raus aus der eigenen Bubble, neue Wege gehen und Menschen ansprechen, die bisher wenig Ber\u00fchrungspunkte zum Fu\u00dfverkehr hatten.&nbsp;<\/p>\n\n\n\n<p>Wir sind stolz, dass wir Teil des Fu\u00dfverkehrskongresses 2025 waren, denn er hat eindrucksvoll gezeigt: Das Interesse ist gro\u00df, das Potenzial enorm. Jetzt gilt es, die gewonnenen Impulse aufzugreifen und in konkrete Ma\u00dfnahmen zu \u00fcberf\u00fchren!&nbsp;<\/p>\n\n\n\n<div class=\"wp-block-buttons is-content-justification-center is-layout-flex wp-container-core-buttons-is-layout-16018d1d wp-block-buttons-is-layout-flex\">\n<div class=\"wp-block-button\"><a class=\"wp-block-button__link wp-element-button\" href=\"https:\/\/www.fuko2025.de\/\" target=\"_blank\" rel=\"noreferrer noopener\">Der Kongress im R\u00fcckblick<\/a><\/div>\n<\/div>\n","protected":false},"author":27,"featured_media":9842,"template":"","tags":[527,489,485],"services_taxonomy":[],"class_list":["post-9847","updates","type-updates","status-publish","has-post-thumbnail","hentry","tag-fusganger","tag-konferenz","tag-mobilitat"],"acf":[],"yoast_head":"<!-- This site is optimized with the Yoast SEO plugin v27.1.1 - https:\/\/yoast.com\/product\/yoast-seo-wordpress\/ -->\n<title>Das war Deutschlands Fu\u00dfverkehrskongress FUKO 2025: Ein Rekord, neue Allianzen und viele Ideen f\u00fcr die Zukunft\u00a0 - Mobycon<\/title>\n<meta name=\"robots\" content=\"index, follow, max-snippet:-1, max-image-preview:large, max-video-preview:-1\" \/>\n<link rel=\"canonical\" href=\"https:\/\/mobycon.com\/de\/updates\/das-war-deutschlands-fussverkehrskongress-fuko-2025-ein-rekord-neue-allianzen-und-viele-ideen-fuer-die-zukunft\/\" \/>\n<meta property=\"og:locale\" content=\"de_DE\" \/>\n<meta property=\"og:type\" content=\"article\" \/>\n<meta property=\"og:title\" content=\"Das war Deutschlands Fu\u00dfverkehrskongress FUKO 2025: Ein Rekord, neue Allianzen und viele Ideen f\u00fcr die Zukunft\u00a0 - Mobycon\" \/>\n<meta property=\"og:description\" content=\"Besonders erfreulich war die \u00fcberparteiliche Ausrichtung des diesj\u00e4hrigen FUKOs: Das FDP-gef\u00fchrte Ministerium f\u00fcr Wirtschaft, Verkehr, Landwirtschaft und Weinbau Rheinland-Pfalz war Gastgeberin und hat mit dem Programm \u201eInnenst\u00e4dte der Zukunft\u201c eine neue T\u00fcr ge\u00f6ffnet. Ein starkes Zeichen, das Thema Fu\u00dfverkehr raus der Nische und rein ins Leben zu holen! Das \u00fcbergeordnete Thema: Wie gestalten wir Innenst\u00e4dte, [&hellip;]\" \/>\n<meta property=\"og:url\" content=\"https:\/\/mobycon.com\/de\/updates\/das-war-deutschlands-fussverkehrskongress-fuko-2025-ein-rekord-neue-allianzen-und-viele-ideen-fuer-die-zukunft\/\" \/>\n<meta property=\"og:site_name\" content=\"Mobycon\" \/>\n<meta property=\"og:image\" content=\"https:\/\/mobycon.com\/wp-content\/uploads\/2025\/04\/dd20de7b-2a2d-4a72-a988-48180e93f9e3.jpg\" \/>\n\t<meta property=\"og:image:width\" content=\"800\" \/>\n\t<meta property=\"og:image:height\" content=\"450\" \/>\n\t<meta property=\"og:image:type\" content=\"image\/jpeg\" \/>\n<meta name=\"twitter:card\" content=\"summary_large_image\" \/>\n<meta name=\"twitter:label1\" content=\"Gesch\u00e4tzte Lesezeit\" \/>\n\t<meta name=\"twitter:data1\" content=\"3\u00a0Minuten\" \/>\n<script type=\"application\/ld+json\" class=\"yoast-schema-graph\">{\"@context\":\"https:\/\/schema.org\",\"@graph\":[{\"@type\":\"WebPage\",\"@id\":\"https:\/\/mobycon.com\/de\/updates\/das-war-deutschlands-fussverkehrskongress-fuko-2025-ein-rekord-neue-allianzen-und-viele-ideen-fuer-die-zukunft\/\",\"url\":\"https:\/\/mobycon.com\/de\/updates\/das-war-deutschlands-fussverkehrskongress-fuko-2025-ein-rekord-neue-allianzen-und-viele-ideen-fuer-die-zukunft\/\",\"name\":\"Das war Deutschlands Fu\u00dfverkehrskongress FUKO 2025: Ein Rekord, neue Allianzen und viele Ideen f\u00fcr die Zukunft\u00a0 - Mobycon\",\"isPartOf\":{\"@id\":\"https:\/\/mobycon.com\/de\/#website\"},\"primaryImageOfPage\":{\"@id\":\"https:\/\/mobycon.com\/de\/updates\/das-war-deutschlands-fussverkehrskongress-fuko-2025-ein-rekord-neue-allianzen-und-viele-ideen-fuer-die-zukunft\/#primaryimage\"},\"image\":{\"@id\":\"https:\/\/mobycon.com\/de\/updates\/das-war-deutschlands-fussverkehrskongress-fuko-2025-ein-rekord-neue-allianzen-und-viele-ideen-fuer-die-zukunft\/#primaryimage\"},\"thumbnailUrl\":\"https:\/\/mobycon.com\/wp-content\/uploads\/2025\/04\/dd20de7b-2a2d-4a72-a988-48180e93f9e3.jpg\",\"datePublished\":\"2025-09-12T16:51:41+00:00\",\"breadcrumb\":{\"@id\":\"https:\/\/mobycon.com\/de\/updates\/das-war-deutschlands-fussverkehrskongress-fuko-2025-ein-rekord-neue-allianzen-und-viele-ideen-fuer-die-zukunft\/#breadcrumb\"},\"inLanguage\":\"de\",\"potentialAction\":[{\"@type\":\"ReadAction\",\"target\":[\"https:\/\/mobycon.com\/de\/updates\/das-war-deutschlands-fussverkehrskongress-fuko-2025-ein-rekord-neue-allianzen-und-viele-ideen-fuer-die-zukunft\/\"]}]},{\"@type\":\"ImageObject\",\"inLanguage\":\"de\",\"@id\":\"https:\/\/mobycon.com\/de\/updates\/das-war-deutschlands-fussverkehrskongress-fuko-2025-ein-rekord-neue-allianzen-und-viele-ideen-fuer-die-zukunft\/#primaryimage\",\"url\":\"https:\/\/mobycon.com\/wp-content\/uploads\/2025\/04\/dd20de7b-2a2d-4a72-a988-48180e93f9e3.jpg\",\"contentUrl\":\"https:\/\/mobycon.com\/wp-content\/uploads\/2025\/04\/dd20de7b-2a2d-4a72-a988-48180e93f9e3.jpg\",\"width\":800,\"height\":450},{\"@type\":\"BreadcrumbList\",\"@id\":\"https:\/\/mobycon.com\/de\/updates\/das-war-deutschlands-fussverkehrskongress-fuko-2025-ein-rekord-neue-allianzen-und-viele-ideen-fuer-die-zukunft\/#breadcrumb\",\"itemListElement\":[{\"@type\":\"ListItem\",\"position\":1,\"name\":\"Home\",\"item\":\"https:\/\/mobycon.com\/de\/\"},{\"@type\":\"ListItem\",\"position\":2,\"name\":\"Das war Deutschlands Fu\u00dfverkehrskongress FUKO 2025: Ein Rekord, neue Allianzen und viele Ideen f\u00fcr die Zukunft\u00a0\"}]},{\"@type\":\"WebSite\",\"@id\":\"https:\/\/mobycon.com\/de\/#website\",\"url\":\"https:\/\/mobycon.com\/de\/\",\"name\":\"Mobycon\",\"description\":\"Mobility Happiness\",\"potentialAction\":[{\"@type\":\"SearchAction\",\"target\":{\"@type\":\"EntryPoint\",\"urlTemplate\":\"https:\/\/mobycon.com\/de\/?s={search_term_string}\"},\"query-input\":{\"@type\":\"PropertyValueSpecification\",\"valueRequired\":true,\"valueName\":\"search_term_string\"}}],\"inLanguage\":\"de\"}]}<\/script>\n<!-- \/ Yoast SEO plugin. -->","yoast_head_json":{"title":"Das war Deutschlands Fu\u00dfverkehrskongress FUKO 2025: Ein Rekord, neue Allianzen und viele Ideen f\u00fcr die Zukunft\u00a0 - Mobycon","robots":{"index":"index","follow":"follow","max-snippet":"max-snippet:-1","max-image-preview":"max-image-preview:large","max-video-preview":"max-video-preview:-1"},"canonical":"https:\/\/mobycon.com\/de\/updates\/das-war-deutschlands-fussverkehrskongress-fuko-2025-ein-rekord-neue-allianzen-und-viele-ideen-fuer-die-zukunft\/","og_locale":"de_DE","og_type":"article","og_title":"Das war Deutschlands Fu\u00dfverkehrskongress FUKO 2025: Ein Rekord, neue Allianzen und viele Ideen f\u00fcr die Zukunft\u00a0 - Mobycon","og_description":"Besonders erfreulich war die \u00fcberparteiliche Ausrichtung des diesj\u00e4hrigen FUKOs: Das FDP-gef\u00fchrte Ministerium f\u00fcr Wirtschaft, Verkehr, Landwirtschaft und Weinbau Rheinland-Pfalz war Gastgeberin und hat mit dem Programm \u201eInnenst\u00e4dte der Zukunft\u201c eine neue T\u00fcr ge\u00f6ffnet. Ein starkes Zeichen, das Thema Fu\u00dfverkehr raus der Nische und rein ins Leben zu holen! Das \u00fcbergeordnete Thema: Wie gestalten wir Innenst\u00e4dte, [&hellip;]","og_url":"https:\/\/mobycon.com\/de\/updates\/das-war-deutschlands-fussverkehrskongress-fuko-2025-ein-rekord-neue-allianzen-und-viele-ideen-fuer-die-zukunft\/","og_site_name":"Mobycon","og_image":[{"width":800,"height":450,"url":"https:\/\/mobycon.com\/wp-content\/uploads\/2025\/04\/dd20de7b-2a2d-4a72-a988-48180e93f9e3.jpg","type":"image\/jpeg"}],"twitter_card":"summary_large_image","twitter_misc":{"Gesch\u00e4tzte Lesezeit":"3\u00a0Minuten"},"schema":{"@context":"https:\/\/schema.org","@graph":[{"@type":"WebPage","@id":"https:\/\/mobycon.com\/de\/updates\/das-war-deutschlands-fussverkehrskongress-fuko-2025-ein-rekord-neue-allianzen-und-viele-ideen-fuer-die-zukunft\/","url":"https:\/\/mobycon.com\/de\/updates\/das-war-deutschlands-fussverkehrskongress-fuko-2025-ein-rekord-neue-allianzen-und-viele-ideen-fuer-die-zukunft\/","name":"Das war Deutschlands Fu\u00dfverkehrskongress FUKO 2025: Ein Rekord, neue Allianzen und viele Ideen f\u00fcr die Zukunft\u00a0 - Mobycon","isPartOf":{"@id":"https:\/\/mobycon.com\/de\/#website"},"primaryImageOfPage":{"@id":"https:\/\/mobycon.com\/de\/updates\/das-war-deutschlands-fussverkehrskongress-fuko-2025-ein-rekord-neue-allianzen-und-viele-ideen-fuer-die-zukunft\/#primaryimage"},"image":{"@id":"https:\/\/mobycon.com\/de\/updates\/das-war-deutschlands-fussverkehrskongress-fuko-2025-ein-rekord-neue-allianzen-und-viele-ideen-fuer-die-zukunft\/#primaryimage"},"thumbnailUrl":"https:\/\/mobycon.com\/wp-content\/uploads\/2025\/04\/dd20de7b-2a2d-4a72-a988-48180e93f9e3.jpg","datePublished":"2025-09-12T16:51:41+00:00","breadcrumb":{"@id":"https:\/\/mobycon.com\/de\/updates\/das-war-deutschlands-fussverkehrskongress-fuko-2025-ein-rekord-neue-allianzen-und-viele-ideen-fuer-die-zukunft\/#breadcrumb"},"inLanguage":"de","potentialAction":[{"@type":"ReadAction","target":["https:\/\/mobycon.com\/de\/updates\/das-war-deutschlands-fussverkehrskongress-fuko-2025-ein-rekord-neue-allianzen-und-viele-ideen-fuer-die-zukunft\/"]}]},{"@type":"ImageObject","inLanguage":"de","@id":"https:\/\/mobycon.com\/de\/updates\/das-war-deutschlands-fussverkehrskongress-fuko-2025-ein-rekord-neue-allianzen-und-viele-ideen-fuer-die-zukunft\/#primaryimage","url":"https:\/\/mobycon.com\/wp-content\/uploads\/2025\/04\/dd20de7b-2a2d-4a72-a988-48180e93f9e3.jpg","contentUrl":"https:\/\/mobycon.com\/wp-content\/uploads\/2025\/04\/dd20de7b-2a2d-4a72-a988-48180e93f9e3.jpg","width":800,"height":450},{"@type":"BreadcrumbList","@id":"https:\/\/mobycon.com\/de\/updates\/das-war-deutschlands-fussverkehrskongress-fuko-2025-ein-rekord-neue-allianzen-und-viele-ideen-fuer-die-zukunft\/#breadcrumb","itemListElement":[{"@type":"ListItem","position":1,"name":"Home","item":"https:\/\/mobycon.com\/de\/"},{"@type":"ListItem","position":2,"name":"Das war Deutschlands Fu\u00dfverkehrskongress FUKO 2025: Ein Rekord, neue Allianzen und viele Ideen f\u00fcr die Zukunft\u00a0"}]},{"@type":"WebSite","@id":"https:\/\/mobycon.com\/de\/#website","url":"https:\/\/mobycon.com\/de\/","name":"Mobycon","description":"Mobility Happiness","potentialAction":[{"@type":"SearchAction","target":{"@type":"EntryPoint","urlTemplate":"https:\/\/mobycon.com\/de\/?s={search_term_string}"},"query-input":{"@type":"PropertyValueSpecification","valueRequired":true,"valueName":"search_term_string"}}],"inLanguage":"de"}]}},"_links":{"self":[{"href":"https:\/\/mobycon.com\/de\/wp-json\/wp\/v2\/updates\/9847","targetHints":{"allow":["GET"]}}],"collection":[{"href":"https:\/\/mobycon.com\/de\/wp-json\/wp\/v2\/updates"}],"about":[{"href":"https:\/\/mobycon.com\/de\/wp-json\/wp\/v2\/types\/updates"}],"author":[{"embeddable":true,"href":"https:\/\/mobycon.com\/de\/wp-json\/wp\/v2\/users\/27"}],"wp:featuredmedia":[{"embeddable":true,"href":"https:\/\/mobycon.com\/de\/wp-json\/wp\/v2\/media\/9842"}],"wp:attachment":[{"href":"https:\/\/mobycon.com\/de\/wp-json\/wp\/v2\/media?parent=9847"}],"wp:term":[{"taxonomy":"post_tag","embeddable":true,"href":"https:\/\/mobycon.com\/de\/wp-json\/wp\/v2\/tags?post=9847"},{"taxonomy":"services","embeddable":true,"href":"https:\/\/mobycon.com\/de\/wp-json\/wp\/v2\/services_taxonomy?post=9847"}],"curies":[{"name":"wp","href":"https:\/\/api.w.org\/{rel}","templated":true}]}}